{"id":5640,"date":"2022-02-19T09:31:23","date_gmt":"2022-02-19T08:31:23","guid":{"rendered":"https:\/\/traumferien-riederalp.ch\/riederalp\/"},"modified":"2026-02-01T17:02:38","modified_gmt":"2026-02-01T16:02:38","slug":"riederalp","status":"publish","type":"page","link":"https:\/\/traumferien-riederalp.ch\/fr\/riederalp\/","title":{"rendered":"Riederalp"},"content":{"rendered":"\t\t<div data-elementor-type=\"wp-page\" data-elementor-id=\"5640\" class=\"elementor elementor-5640 elementor-74\" data-elementor-post-type=\"page\">\n\t\t\t\t<div class=\"elementor-element elementor-element-2542221 e-flex e-con-boxed e-con e-parent\" data-id=\"2542221\" data-element_type=\"container\" data-e-type=\"container\" data-settings=\"{&quot;background_background&quot;:&quot;classic&quot;}\">\n\t\t\t\t\t<div class=\"e-con-inner\">\n\t\t\t\t<div class=\"elementor-element elementor-element-4bea773 elementor-widget elementor-widget-image\" data-id=\"4bea773\" data-element_type=\"widget\" data-e-type=\"widget\" data-widget_type=\"image.default\">\n\t\t\t\t\t\t\t\t\t\t\t\t\t\t\t<img fetchpriority=\"high\" decoding=\"async\" width=\"2048\" height=\"1152\" src=\"https:\/\/i0.wp.com\/traumferien-riederalp.ch\/wp-content\/uploads\/2026\/01\/Riederalp.webp?fit=2048%2C1152&amp;ssl=1\" class=\"attachment-2048x2048 size-2048x2048 wp-image-5645\" alt=\"\" srcset=\"https:\/\/i0.wp.com\/traumferien-riederalp.ch\/wp-content\/uploads\/2026\/01\/Riederalp.webp?w=1920&amp;ssl=1 1920w, https:\/\/i0.wp.com\/traumferien-riederalp.ch\/wp-content\/uploads\/2026\/01\/Riederalp.webp?resize=300%2C169&amp;ssl=1 300w, https:\/\/i0.wp.com\/traumferien-riederalp.ch\/wp-content\/uploads\/2026\/01\/Riederalp.webp?resize=1024%2C576&amp;ssl=1 1024w, https:\/\/i0.wp.com\/traumferien-riederalp.ch\/wp-content\/uploads\/2026\/01\/Riederalp.webp?resize=768%2C432&amp;ssl=1 768w, https:\/\/i0.wp.com\/traumferien-riederalp.ch\/wp-content\/uploads\/2026\/01\/Riederalp.webp?resize=1536%2C864&amp;ssl=1 1536w, https:\/\/i0.wp.com\/traumferien-riederalp.ch\/wp-content\/uploads\/2026\/01\/Riederalp.webp?resize=2048%2C1152&amp;ssl=1 2048w\" sizes=\"(max-width: 1000px) 100vw, 1000px\" data-attachment-id=\"5645\" data-permalink=\"https:\/\/traumferien-riederalp.ch\/fr\/riederalp\/riederalp\/\" data-orig-file=\"https:\/\/i0.wp.com\/traumferien-riederalp.ch\/wp-content\/uploads\/2026\/01\/Riederalp.webp?fit=1920%2C1080&amp;ssl=1\" data-orig-size=\"1920,1080\" data-comments-opened=\"1\" data-image-meta=\"{&quot;aperture&quot;:&quot;2.4&quot;,&quot;credit&quot;:&quot;&quot;,&quot;camera&quot;:&quot;SM-G970F&quot;,&quot;caption&quot;:&quot;&quot;,&quot;created_timestamp&quot;:&quot;1647102636&quot;,&quot;copyright&quot;:&quot;&quot;,&quot;focal_length&quot;:&quot;4.32&quot;,&quot;iso&quot;:&quot;50&quot;,&quot;shutter_speed&quot;:&quot;0.00010813148788927&quot;,&quot;title&quot;:&quot;&quot;,&quot;orientation&quot;:&quot;1&quot;}\" data-image-title=\"Riederalp\" data-image-description=\"\" data-image-caption=\"&lt;p&gt;Riederalp&lt;\/p&gt;\n\" data-large-file=\"https:\/\/i0.wp.com\/traumferien-riederalp.ch\/wp-content\/uploads\/2026\/01\/Riederalp.webp?fit=1024%2C576&amp;ssl=1\" \/>\t\t\t\t\t\t\t\t\t\t\t\t\t\t\t<\/div>\n\t\t\t\t\t<\/div>\n\t\t\t\t<\/div>\n\t\t<div class=\"elementor-element elementor-element-0bf7953 e-flex e-con-boxed e-con e-parent\" data-id=\"0bf7953\" data-element_type=\"container\" data-e-type=\"container\" data-settings=\"{&quot;background_background&quot;:&quot;classic&quot;}\">\n\t\t\t\t\t<div class=\"e-con-inner\">\n\t\t\t\t<div class=\"elementor-element elementor-element-31ca749 elementor-widget elementor-widget-heading\" data-id=\"31ca749\" data-element_type=\"widget\" data-e-type=\"widget\" data-widget_type=\"heading.default\">\n\t\t\t\t\t<h2 class=\"elementor-heading-title elementor-size-default\">Riederalp, au c\u0153ur de l'Aletsch Arena<\/h2>\t\t\t\t<\/div>\n\t\t\t\t<div class=\"elementor-element elementor-element-baf38ab elementor-widget elementor-widget-heading\" data-id=\"baf38ab\" data-element_type=\"widget\" data-e-type=\"widget\" data-widget_type=\"heading.default\">\n\t\t\t\t\t<h3 class=\"elementor-heading-title elementor-size-default\">haut au-dessus de la vall\u00e9e du Rh\u00f4ne \u00e0 1'905 m d'altitude, site class\u00e9 au patrimoine mondial de l'UNESCO<\/h3>\t\t\t\t<\/div>\n\t\t\t\t\t<\/div>\n\t\t\t\t<\/div>\n\t\t<div class=\"elementor-element elementor-element-b75cf4f e-flex e-con-boxed e-con e-parent\" data-id=\"b75cf4f\" data-element_type=\"container\" data-e-type=\"container\">\n\t\t\t\t\t<div class=\"e-con-inner\">\n\t\t\t\t<div class=\"elementor-element elementor-element-53c9448 elementor-widget elementor-widget-heading\" data-id=\"53c9448\" data-element_type=\"widget\" data-e-type=\"widget\" data-widget_type=\"heading.default\">\n\t\t\t\t\t<h3 class=\"elementor-heading-title elementor-size-default\">Destination de vacances pour des journ\u00e9es de d\u00e9tente et des exp\u00e9riences naturelles inoubliables dans les Alpes valaisannes<\/h3>\t\t\t\t<\/div>\n\t\t\t\t<div class=\"elementor-element elementor-element-d8a4c69 elementor-widget elementor-widget-text-editor\" data-id=\"d8a4c69\" data-element_type=\"widget\" data-e-type=\"widget\" data-widget_type=\"text-editor.default\">\n\t\t\t\t\t\t\t\t\t<p>Riederalp tr\u00f4ne sur le plateau ensoleill\u00e9 sans voiture et est facilement accessible en t\u00e9l\u00e9ph\u00e9rique.<\/p>\t\t\t\t\t\t\t\t<\/div>\n\t\t\t\t<div class=\"elementor-element elementor-element-115e1dc elementor-widget elementor-widget-heading\" data-id=\"115e1dc\" data-element_type=\"widget\" data-e-type=\"widget\" data-widget_type=\"heading.default\">\n\t\t\t\t\t<h3 class=\"elementor-heading-title elementor-size-default\">Activit\u00e9s hivernales<\/h3>\t\t\t\t<\/div>\n\t\t\t\t<div class=\"elementor-element elementor-element-c50be5f elementor-widget elementor-widget-text-editor\" data-id=\"c50be5f\" data-element_type=\"widget\" data-e-type=\"widget\" data-widget_type=\"text-editor.default\">\n\t\t\t\t\t\t\t\t\t<p>En hiver, Riederalp offre tout ce que le c\u0153ur des skieurs, snowboarders et randonneurs d&rsquo;hiver d\u00e9sire et est l&rsquo;endroit id\u00e9al pour des vacances en famille.<\/p><p>Domaine skiable aletscharena.ch avec 104 kilom\u00e8tres de pistes, 11 km de pistes de ski de fond, sentiers de randonn\u00e9e d&rsquo;hiver de plus de 75 km de long, \u00e9cole de ski.<\/p>\t\t\t\t\t\t\t\t<\/div>\n\t\t\t\t<div class=\"elementor-element elementor-element-b3a07db elementor-widget elementor-widget-heading\" data-id=\"b3a07db\" data-element_type=\"widget\" data-e-type=\"widget\" data-widget_type=\"heading.default\">\n\t\t\t\t\t<h3 class=\"elementor-heading-title elementor-size-default\">Activit\u00e9s estivales<\/h3>\t\t\t\t<\/div>\n\t\t\t\t<div class=\"elementor-element elementor-element-0f6e715 elementor-widget elementor-widget-text-editor\" data-id=\"0f6e715\" data-element_type=\"widget\" data-e-type=\"widget\" data-widget_type=\"text-editor.default\">\n\t\t\t\t\t\t\t\t\t<p>En \u00e9t\u00e9, ce paradis de vacances, class\u00e9 au patrimoine mondial de l&rsquo;UNESCO, avec vue sur le grand glacier d&rsquo;Aletsch et de nombreux sommets impressionnants de plus de 4 000 m\u00e8tres, est le point de d\u00e9part de nombreuses activit\u00e9s.<\/p><p>Point de d\u00e9part pour les randonneurs et les v\u00e9t\u00e9tistes gr\u00e2ce \u00e0 plus de 300 km de sentiers balis\u00e9s, 5 ponts suspendus, le plus haut terrain de golf 9 trous d&rsquo;Europe, le centre Pro Natura Aletsch.<\/p>\t\t\t\t\t\t\t\t<\/div>\n\t\t\t\t<div class=\"elementor-element elementor-element-27a075d elementor-widget elementor-widget-heading\" data-id=\"27a075d\" data-element_type=\"widget\" data-e-type=\"widget\" data-widget_type=\"heading.default\">\n\t\t\t\t\t<h3 class=\"elementor-heading-title elementor-size-default\">Liens Riederalp<\/h3>\t\t\t\t<\/div>\n\t\t\t\t<div class=\"elementor-element elementor-element-6094b0b elementor-widget elementor-widget-text-editor\" data-id=\"6094b0b\" data-element_type=\"widget\" data-e-type=\"widget\" data-widget_type=\"text-editor.default\">\n\t\t\t\t\t\t\t\t\t<p><a href=\"https:\/\/www.aletscharena.ch\/\">Aletscharena<\/a><\/p><p><a href=\"https:\/\/www.myswitzerland.com\/de-ch\/reiseziele\/wallis\/\">Valais Tourisme<\/a><\/p><p><a href=\"https:\/\/www.gemeinde-riederalp.ch\/\">Commune de Riederalp<\/a><\/p><p><a href=\"https:\/\/www.pronatura-aletsch.ch\/\">Centre Pro Natura Aletsch<\/a><\/p>\t\t\t\t\t\t\t\t<\/div>\n\t\t\t\t\t<\/div>\n\t\t\t\t<\/div>\n\t\t\t\t<\/div>\n\t\t","protected":false},"excerpt":{"rendered":"<p>Riederalp, au c\u0153ur de l&rsquo;Aletsch Arena haut au-dessus de la vall\u00e9e du Rh\u00f4ne \u00e0 1&rsquo;905 m d&rsquo;altitude, site class\u00e9 au patrimoine mondial de l&rsquo;UNESCO Destination de vacances pour des journ\u00e9es de d\u00e9tente et des exp\u00e9riences naturelles inoubliables dans les Alpes valaisannes Riederalp tr\u00f4ne sur le plateau ensoleill\u00e9 sans voiture et est facilement accessible en t\u00e9l\u00e9ph\u00e9rique. [&hellip;]<\/p>\n","protected":false},"author":217222867,"featured_media":0,"parent":0,"menu_order":0,"comment_status":"closed","ping_status":"closed","template":"","meta":{"_wpcom_ai_launchpad_about_page":false,"_wpcom_ai_launchpad_gallery_page":false,"_wpcom_ai_launchpad_contact_page":false,"_wpcom_ai_launchpad_events_page":false,"_wpcom_ai_launchpad_video_page":false,"_wpcom_ai_launchpad_portfolio_piece":false,"footnotes":""},"class_list":["post-5640","page","type-page","status-publish","hentry"],"yoast_head":"<!-- This site is optimized with the Yoast SEO plugin v28.4 - https:\/\/yoast.com\/product\/yoast-seo-wordpress\/ -->\n<title>Riederalp - Traumferien Riederalp Alpsegen<\/title>\n<meta name=\"description\" content=\"Station de vacances sans voiture en Valais, au bord du glacier d&#039;Aletsch\" \/>\n<meta name=\"robots\" content=\"index, follow, max-snippet:-1, max-image-preview:large, max-video-preview:-1\" \/>\n<link rel=\"canonical\" href=\"https:\/\/traumferien-riederalp.ch\/fr\/riederalp\/\" \/>\n<meta property=\"og:locale\" content=\"fr_FR\" \/>\n<meta property=\"og:type\" content=\"article\" \/>\n<meta property=\"og:title\" content=\"Riederalp - Traumferien Riederalp Alpsegen\" \/>\n<meta property=\"og:description\" content=\"Station de vacances sans voiture en Valais, au bord du glacier d&#039;Aletsch\" \/>\n<meta property=\"og:url\" content=\"https:\/\/traumferien-riederalp.ch\/fr\/riederalp\/\" \/>\n<meta property=\"og:site_name\" content=\"Traumferien Riederalp Alpsegen\" \/>\n<meta property=\"article:publisher\" content=\"https:\/\/www.facebook.com\/share\/1AWSG6xt2m\/\" \/>\n<meta property=\"article:modified_time\" content=\"2026-02-01T16:02:38+00:00\" \/>\n<meta property=\"og:image\" content=\"https:\/\/i0.wp.com\/traumferien-riederalp.ch\/wp-content\/uploads\/2026\/01\/Riederalp.webp?fit=1920%2C1080&ssl=1\" \/>\n\t<meta property=\"og:image:width\" content=\"1920\" \/>\n\t<meta property=\"og:image:height\" content=\"1080\" \/>\n\t<meta property=\"og:image:type\" content=\"image\/webp\" \/>\n<meta name=\"twitter:card\" content=\"summary_large_image\" \/>\n<meta name=\"twitter:label1\" content=\"Dur\u00e9e de lecture estim\u00e9e\" \/>\n\t<meta name=\"twitter:data1\" content=\"1 minute\" \/>\n<script type=\"application\/ld+json\" class=\"yoast-schema-graph\">{\"@context\":\"https:\\\/\\\/schema.org\",\"@graph\":[{\"@type\":\"WebPage\",\"@id\":\"https:\\\/\\\/traumferien-riederalp.ch\\\/fr\\\/riederalp\\\/\",\"url\":\"https:\\\/\\\/traumferien-riederalp.ch\\\/fr\\\/riederalp\\\/\",\"name\":\"Riederalp - Traumferien Riederalp Alpsegen\",\"isPartOf\":{\"@id\":\"https:\\\/\\\/traumferien-riederalp.ch\\\/fr\\\/#website\"},\"primaryImageOfPage\":{\"@id\":\"https:\\\/\\\/traumferien-riederalp.ch\\\/fr\\\/riederalp\\\/#primaryimage\"},\"image\":{\"@id\":\"https:\\\/\\\/traumferien-riederalp.ch\\\/fr\\\/riederalp\\\/#primaryimage\"},\"thumbnailUrl\":\"https:\\\/\\\/i0.wp.com\\\/traumferien-riederalp.ch\\\/wp-content\\\/uploads\\\/2026\\\/01\\\/Riederalp.webp?fit=2048%2C1152&amp;ssl=1\",\"datePublished\":\"2022-02-19T08:31:23+00:00\",\"dateModified\":\"2026-02-01T16:02:38+00:00\",\"description\":\"Station de vacances sans voiture en Valais, au bord du glacier d'Aletsch\",\"breadcrumb\":{\"@id\":\"https:\\\/\\\/traumferien-riederalp.ch\\\/fr\\\/riederalp\\\/#breadcrumb\"},\"inLanguage\":\"fr-FR\",\"potentialAction\":[{\"@type\":\"ReadAction\",\"target\":[\"https:\\\/\\\/traumferien-riederalp.ch\\\/fr\\\/riederalp\\\/\"]}]},{\"@type\":\"ImageObject\",\"inLanguage\":\"fr-FR\",\"@id\":\"https:\\\/\\\/traumferien-riederalp.ch\\\/fr\\\/riederalp\\\/#primaryimage\",\"url\":\"https:\\\/\\\/i0.wp.com\\\/traumferien-riederalp.ch\\\/wp-content\\\/uploads\\\/2026\\\/01\\\/Riederalp.webp?fit=2048%2C1152&amp;ssl=1\",\"contentUrl\":\"https:\\\/\\\/i0.wp.com\\\/traumferien-riederalp.ch\\\/wp-content\\\/uploads\\\/2026\\\/01\\\/Riederalp.webp?fit=2048%2C1152&amp;ssl=1\"},{\"@type\":\"BreadcrumbList\",\"@id\":\"https:\\\/\\\/traumferien-riederalp.ch\\\/fr\\\/riederalp\\\/#breadcrumb\",\"itemListElement\":[{\"@type\":\"ListItem\",\"position\":1,\"name\":\"Start\",\"item\":\"https:\\\/\\\/traumferien-riederalp.ch\\\/fr\\\/page-daccueil\\\/\"},{\"@type\":\"ListItem\",\"position\":2,\"name\":\"Riederalp\"}]},{\"@type\":\"WebSite\",\"@id\":\"https:\\\/\\\/traumferien-riederalp.ch\\\/fr\\\/#website\",\"url\":\"https:\\\/\\\/traumferien-riederalp.ch\\\/fr\\\/\",\"name\":\"Traumferien Riederalp im Chalet Alpsegen\",\"description\":\"\",\"publisher\":{\"@id\":\"https:\\\/\\\/traumferien-riederalp.ch\\\/fr\\\/#organization\"},\"alternateName\":\"Ski-in & Ski-Out im Chalet Alpsegen Riederalp\",\"potentialAction\":[{\"@type\":\"SearchAction\",\"target\":{\"@type\":\"EntryPoint\",\"urlTemplate\":\"https:\\\/\\\/traumferien-riederalp.ch\\\/fr\\\/?s={search_term_string}\"},\"query-input\":{\"@type\":\"PropertyValueSpecification\",\"valueRequired\":true,\"valueName\":\"search_term_string\"}}],\"inLanguage\":\"fr-FR\"},{\"@type\":\"Organization\",\"@id\":\"https:\\\/\\\/traumferien-riederalp.ch\\\/fr\\\/#organization\",\"name\":\"Traumferien Riederalp im Chalet Alpsegen\",\"alternateName\":\"Ski-In & Ski-Out im Chalet Alpsegen Riederalp\",\"url\":\"https:\\\/\\\/traumferien-riederalp.ch\\\/fr\\\/\",\"logo\":{\"@type\":\"ImageObject\",\"inLanguage\":\"fr-FR\",\"@id\":\"https:\\\/\\\/traumferien-riederalp.ch\\\/fr\\\/#\\\/schema\\\/logo\\\/image\\\/\",\"url\":\"https:\\\/\\\/i0.wp.com\\\/traumferien-riederalp.ch\\\/wp-content\\\/uploads\\\/2026\\\/01\\\/cropped-Haus-mit-Dach.webp?fit=512%2C512&ssl=1\",\"contentUrl\":\"https:\\\/\\\/i0.wp.com\\\/traumferien-riederalp.ch\\\/wp-content\\\/uploads\\\/2026\\\/01\\\/cropped-Haus-mit-Dach.webp?fit=512%2C512&ssl=1\",\"width\":512,\"height\":512,\"caption\":\"Traumferien Riederalp im Chalet Alpsegen\"},\"image\":{\"@id\":\"https:\\\/\\\/traumferien-riederalp.ch\\\/fr\\\/#\\\/schema\\\/logo\\\/image\\\/\"},\"sameAs\":[\"https:\\\/\\\/www.facebook.com\\\/share\\\/1AWSG6xt2m\\\/\",\"https:\\\/\\\/www.instagram.com\\\/traumferien_riederalp?igsh=bGl2bG0xdnhzNjY4\"]}]}<\/script>\n<!-- \/ Yoast SEO plugin. -->","yoast_head_json":{"title":"Riederalp - Traumferien Riederalp Alpsegen","description":"Station de vacances sans voiture en Valais, au bord du glacier d'Aletsch","robots":{"index":"index","follow":"follow","max-snippet":"max-snippet:-1","max-image-preview":"max-image-preview:large","max-video-preview":"max-video-preview:-1"},"canonical":"https:\/\/traumferien-riederalp.ch\/fr\/riederalp\/","og_locale":"fr_FR","og_type":"article","og_title":"Riederalp - Traumferien Riederalp Alpsegen","og_description":"Station de vacances sans voiture en Valais, au bord du glacier d'Aletsch","og_url":"https:\/\/traumferien-riederalp.ch\/fr\/riederalp\/","og_site_name":"Traumferien Riederalp Alpsegen","article_publisher":"https:\/\/www.facebook.com\/share\/1AWSG6xt2m\/","article_modified_time":"2026-02-01T16:02:38+00:00","og_image":[{"width":1920,"height":1080,"url":"https:\/\/i0.wp.com\/traumferien-riederalp.ch\/wp-content\/uploads\/2026\/01\/Riederalp.webp?fit=1920%2C1080&ssl=1","type":"image\/webp"}],"twitter_card":"summary_large_image","twitter_misc":{"Dur\u00e9e de lecture estim\u00e9e":"1 minute"},"schema":{"@context":"https:\/\/schema.org","@graph":[{"@type":"WebPage","@id":"https:\/\/traumferien-riederalp.ch\/fr\/riederalp\/","url":"https:\/\/traumferien-riederalp.ch\/fr\/riederalp\/","name":"Riederalp - Traumferien Riederalp Alpsegen","isPartOf":{"@id":"https:\/\/traumferien-riederalp.ch\/fr\/#website"},"primaryImageOfPage":{"@id":"https:\/\/traumferien-riederalp.ch\/fr\/riederalp\/#primaryimage"},"image":{"@id":"https:\/\/traumferien-riederalp.ch\/fr\/riederalp\/#primaryimage"},"thumbnailUrl":"https:\/\/i0.wp.com\/traumferien-riederalp.ch\/wp-content\/uploads\/2026\/01\/Riederalp.webp?fit=2048%2C1152&amp;ssl=1","datePublished":"2022-02-19T08:31:23+00:00","dateModified":"2026-02-01T16:02:38+00:00","description":"Station de vacances sans voiture en Valais, au bord du glacier d'Aletsch","breadcrumb":{"@id":"https:\/\/traumferien-riederalp.ch\/fr\/riederalp\/#breadcrumb"},"inLanguage":"fr-FR","potentialAction":[{"@type":"ReadAction","target":["https:\/\/traumferien-riederalp.ch\/fr\/riederalp\/"]}]},{"@type":"ImageObject","inLanguage":"fr-FR","@id":"https:\/\/traumferien-riederalp.ch\/fr\/riederalp\/#primaryimage","url":"https:\/\/i0.wp.com\/traumferien-riederalp.ch\/wp-content\/uploads\/2026\/01\/Riederalp.webp?fit=2048%2C1152&amp;ssl=1","contentUrl":"https:\/\/i0.wp.com\/traumferien-riederalp.ch\/wp-content\/uploads\/2026\/01\/Riederalp.webp?fit=2048%2C1152&amp;ssl=1"},{"@type":"BreadcrumbList","@id":"https:\/\/traumferien-riederalp.ch\/fr\/riederalp\/#breadcrumb","itemListElement":[{"@type":"ListItem","position":1,"name":"Start","item":"https:\/\/traumferien-riederalp.ch\/fr\/page-daccueil\/"},{"@type":"ListItem","position":2,"name":"Riederalp"}]},{"@type":"WebSite","@id":"https:\/\/traumferien-riederalp.ch\/fr\/#website","url":"https:\/\/traumferien-riederalp.ch\/fr\/","name":"Traumferien Riederalp im Chalet Alpsegen","description":"","publisher":{"@id":"https:\/\/traumferien-riederalp.ch\/fr\/#organization"},"alternateName":"Ski-in & Ski-Out im Chalet Alpsegen Riederalp","potentialAction":[{"@type":"SearchAction","target":{"@type":"EntryPoint","urlTemplate":"https:\/\/traumferien-riederalp.ch\/fr\/?s={search_term_string}"},"query-input":{"@type":"PropertyValueSpecification","valueRequired":true,"valueName":"search_term_string"}}],"inLanguage":"fr-FR"},{"@type":"Organization","@id":"https:\/\/traumferien-riederalp.ch\/fr\/#organization","name":"Traumferien Riederalp im Chalet Alpsegen","alternateName":"Ski-In & Ski-Out im Chalet Alpsegen Riederalp","url":"https:\/\/traumferien-riederalp.ch\/fr\/","logo":{"@type":"ImageObject","inLanguage":"fr-FR","@id":"https:\/\/traumferien-riederalp.ch\/fr\/#\/schema\/logo\/image\/","url":"https:\/\/i0.wp.com\/traumferien-riederalp.ch\/wp-content\/uploads\/2026\/01\/cropped-Haus-mit-Dach.webp?fit=512%2C512&ssl=1","contentUrl":"https:\/\/i0.wp.com\/traumferien-riederalp.ch\/wp-content\/uploads\/2026\/01\/cropped-Haus-mit-Dach.webp?fit=512%2C512&ssl=1","width":512,"height":512,"caption":"Traumferien Riederalp im Chalet Alpsegen"},"image":{"@id":"https:\/\/traumferien-riederalp.ch\/fr\/#\/schema\/logo\/image\/"},"sameAs":["https:\/\/www.facebook.com\/share\/1AWSG6xt2m\/","https:\/\/www.instagram.com\/traumferien_riederalp?igsh=bGl2bG0xdnhzNjY4"]}]}},"jetpack_likes_enabled":true,"jetpack_sharing_enabled":true,"jetpack_shortlink":"https:\/\/wp.me\/PdM3xX-1sY","jetpack-related-posts":[],"_links":{"self":[{"href":"https:\/\/traumferien-riederalp.ch\/fr\/wp-json\/wp\/v2\/pages\/5640","targetHints":{"allow":["GET"]}}],"collection":[{"href":"https:\/\/traumferien-riederalp.ch\/fr\/wp-json\/wp\/v2\/pages"}],"about":[{"href":"https:\/\/traumferien-riederalp.ch\/fr\/wp-json\/wp\/v2\/types\/page"}],"author":[{"embeddable":true,"href":"https:\/\/traumferien-riederalp.ch\/fr\/wp-json\/wp\/v2\/users\/217222867"}],"replies":[{"embeddable":true,"href":"https:\/\/traumferien-riederalp.ch\/fr\/wp-json\/wp\/v2\/comments?post=5640"}],"version-history":[{"count":2,"href":"https:\/\/traumferien-riederalp.ch\/fr\/wp-json\/wp\/v2\/pages\/5640\/revisions"}],"predecessor-version":[{"id":5785,"href":"https:\/\/traumferien-riederalp.ch\/fr\/wp-json\/wp\/v2\/pages\/5640\/revisions\/5785"}],"wp:attachment":[{"href":"https:\/\/traumferien-riederalp.ch\/fr\/wp-json\/wp\/v2\/media?parent=5640"}],"curies":[{"name":"wp","href":"https:\/\/api.w.org\/{rel}","templated":true}]}}