{"id":5634,"date":"2022-02-19T09:47:51","date_gmt":"2022-02-19T08:47:51","guid":{"rendered":"https:\/\/traumferien-riederalp.ch\/appartement-de-vacances\/"},"modified":"2026-02-01T17:02:26","modified_gmt":"2026-02-01T16:02:26","slug":"appartement-de-vacances","status":"publish","type":"page","link":"https:\/\/traumferien-riederalp.ch\/fr\/appartement-de-vacances\/","title":{"rendered":"Appartement de vacances"},"content":{"rendered":"\t\t<div data-elementor-type=\"wp-page\" data-elementor-id=\"5634\" class=\"elementor elementor-5634 elementor-84\" data-elementor-post-type=\"page\">\n\t\t\t\t<div class=\"elementor-element elementor-element-db076ae e-flex e-con-boxed e-con e-parent\" data-id=\"db076ae\" data-element_type=\"container\" data-e-type=\"container\" data-settings=\"{&quot;background_background&quot;:&quot;classic&quot;}\">\n\t\t\t\t\t<div class=\"e-con-inner\">\n\t\t\t\t<div class=\"elementor-element elementor-element-e355bc6 elementor-widget elementor-widget-image\" data-id=\"e355bc6\" data-element_type=\"widget\" data-e-type=\"widget\" data-widget_type=\"image.default\">\n\t\t\t\t\t\t\t\t\t\t\t\t\t\t\t<img fetchpriority=\"high\" decoding=\"async\" width=\"962\" height=\"478\" src=\"https:\/\/i0.wp.com\/traumferien-riederalp.ch\/wp-content\/uploads\/2026\/01\/Haus-Herbst-1.webp?fit=962%2C478&amp;ssl=1\" class=\"attachment-2048x2048 size-2048x2048 wp-image-5636\" alt=\"\" srcset=\"https:\/\/i0.wp.com\/traumferien-riederalp.ch\/wp-content\/uploads\/2026\/01\/Haus-Herbst-1.webp?w=962&amp;ssl=1 962w, https:\/\/i0.wp.com\/traumferien-riederalp.ch\/wp-content\/uploads\/2026\/01\/Haus-Herbst-1.webp?resize=300%2C149&amp;ssl=1 300w, https:\/\/i0.wp.com\/traumferien-riederalp.ch\/wp-content\/uploads\/2026\/01\/Haus-Herbst-1.webp?resize=768%2C382&amp;ssl=1 768w\" sizes=\"(max-width: 962px) 100vw, 962px\" data-attachment-id=\"5636\" data-permalink=\"https:\/\/traumferien-riederalp.ch\/fr\/appartement-de-vacances\/chalet-alpsegen-riederalp\/\" data-orig-file=\"https:\/\/i0.wp.com\/traumferien-riederalp.ch\/wp-content\/uploads\/2026\/01\/Haus-Herbst-1.webp?fit=962%2C478&amp;ssl=1\" data-orig-size=\"962,478\" data-comments-opened=\"1\" data-image-meta=\"{&quot;aperture&quot;:&quot;0&quot;,&quot;credit&quot;:&quot;&quot;,&quot;camera&quot;:&quot;&quot;,&quot;caption&quot;:&quot;&quot;,&quot;created_timestamp&quot;:&quot;0&quot;,&quot;copyright&quot;:&quot;&quot;,&quot;focal_length&quot;:&quot;0&quot;,&quot;iso&quot;:&quot;0&quot;,&quot;shutter_speed&quot;:&quot;0&quot;,&quot;title&quot;:&quot;&quot;,&quot;orientation&quot;:&quot;0&quot;}\" data-image-title=\"Chalet Alpsegen Riederalp\" data-image-description=\"\" data-image-caption=\"&lt;p&gt;Chalet Alpsegen Riederalp&lt;\/p&gt;\n\" data-large-file=\"https:\/\/i0.wp.com\/traumferien-riederalp.ch\/wp-content\/uploads\/2026\/01\/Haus-Herbst-1.webp?fit=962%2C478&amp;ssl=1\" \/>\t\t\t\t\t\t\t\t\t\t\t\t\t\t\t<\/div>\n\t\t\t\t\t<\/div>\n\t\t\t\t<\/div>\n\t\t<div class=\"elementor-element elementor-element-b21b76d e-flex e-con-boxed e-con e-parent\" data-id=\"b21b76d\" data-element_type=\"container\" data-e-type=\"container\" data-settings=\"{&quot;background_background&quot;:&quot;classic&quot;}\">\n\t\t\t\t\t<div class=\"e-con-inner\">\n\t\t\t\t<div class=\"elementor-element elementor-element-542efe0 elementor-widget elementor-widget-heading\" data-id=\"542efe0\" data-element_type=\"widget\" data-e-type=\"widget\" data-widget_type=\"heading.default\">\n\t\t\t\t\t<h2 class=\"elementor-heading-title elementor-size-default\">Appartement de vacances de 4 1\/2 pi\u00e8ces au dernier \u00e9tage<\/h2>\t\t\t\t<\/div>\n\t\t\t\t<div class=\"elementor-element elementor-element-aa18423 elementor-widget elementor-widget-heading\" data-id=\"aa18423\" data-element_type=\"widget\" data-e-type=\"widget\" data-widget_type=\"heading.default\">\n\t\t\t\t\t<h3 class=\"elementor-heading-title elementor-size-default\">Balcon avec vue inoubliable sur la Riederalp<\/h3>\t\t\t\t<\/div>\n\t\t\t\t<div class=\"elementor-element elementor-element-be10cc7 elementor-widget elementor-widget-heading\" data-id=\"be10cc7\" data-element_type=\"widget\" data-e-type=\"widget\" data-widget_type=\"heading.default\">\n\t\t\t\t\t<h3 class=\"elementor-heading-title elementor-size-default\">ainsi que sur les plus beaux sommets de plus de 4000 m\u00e8tres du Valais<\/h3>\t\t\t\t<\/div>\n\t\t\t\t\t<\/div>\n\t\t\t\t<\/div>\n\t\t<div class=\"elementor-element elementor-element-a8a1be5 e-flex e-con-boxed e-con e-parent\" data-id=\"a8a1be5\" data-element_type=\"container\" data-e-type=\"container\">\n\t\t\t\t\t<div class=\"e-con-inner\">\n\t\t\t\t<div class=\"elementor-element elementor-element-60e3fa3 elementor-widget elementor-widget-text-editor\" data-id=\"60e3fa3\" data-element_type=\"widget\" data-e-type=\"widget\" data-widget_type=\"text-editor.default\">\n\t\t\t\t\t\t\t\t\t<p>Passez des journ\u00e9es ensoleill\u00e9es et paisibles dans le monde de la montagne :<\/p><p>&#8230; terminez cette journ\u00e9e de r\u00eave dans le salon lumineux avec un ap\u00e9ritif et au coucher du soleil sur le Riederhorn. <\/p><p>&#8230; le soir, laissez-vous aller \u00e0 de beaux r\u00eaves. <\/p><p>&#8230; faites le plein d&rsquo;air frais de la montagne, de soleil et d&rsquo;\u00e9nergie sur le magnifique balcon. <\/p><p>&#8230; commencez la journ\u00e9e dans la grande cuisine-salle \u00e0 manger. <\/p><p>&#8230; observez les skieurs ambitieux, les snowboarders et les promeneurs hivernaux pendant le d\u00e9jeuner.<\/p><p>&#8230; Le chic alpin et le cachet sont garantis gr\u00e2ce aux chambres situ\u00e9es sous les combles inclin\u00e9es. <\/p><p>&#8230; id\u00e9al pour les familles jusqu&rsquo;\u00e0 un maximum de 6 personnes<\/p>\t\t\t\t\t\t\t\t<\/div>\n\t\t\t\t\t<\/div>\n\t\t\t\t<\/div>\n\t\t<div class=\"elementor-element elementor-element-e00a52a e-flex e-con-boxed e-con e-parent\" data-id=\"e00a52a\" data-element_type=\"container\" data-e-type=\"container\">\n\t\t\t\t\t<div class=\"e-con-inner\">\n\t\t<div class=\"elementor-element elementor-element-de761cf e-con-full e-flex e-con e-child\" data-id=\"de761cf\" data-element_type=\"container\" data-e-type=\"container\">\n\t\t\t\t<div class=\"elementor-element elementor-element-7626c66 elementor-widget elementor-widget-heading\" data-id=\"7626c66\" data-element_type=\"widget\" data-e-type=\"widget\" data-widget_type=\"heading.default\">\n\t\t\t\t\t<h3 class=\"elementor-heading-title elementor-size-default\">L'appartement offre de l'espace sur 90m\u00b2<\/h3>\t\t\t\t<\/div>\n\t\t\t\t<\/div>\n\t\t<div class=\"elementor-element elementor-element-f040d5a e-con-full e-flex e-con e-child\" data-id=\"f040d5a\" data-element_type=\"container\" data-e-type=\"container\">\n\t\t\t\t<div class=\"elementor-element elementor-element-a0b3f14 elementor-widget elementor-widget-heading\" data-id=\"a0b3f14\" data-element_type=\"widget\" data-e-type=\"widget\" data-widget_type=\"heading.default\">\n\t\t\t\t\t<h3 class=\"elementor-heading-title elementor-size-default\">\u00c9quipement<\/h3>\t\t\t\t<\/div>\n\t\t\t\t<\/div>\n\t\t\t\t\t<\/div>\n\t\t\t\t<\/div>\n\t\t<div class=\"elementor-element elementor-element-0eb70b0 e-flex e-con-boxed e-con e-parent\" data-id=\"0eb70b0\" data-element_type=\"container\" data-e-type=\"container\">\n\t\t\t\t\t<div class=\"e-con-inner\">\n\t\t<div class=\"elementor-element elementor-element-c600a8c e-con-full e-flex e-con e-child\" data-id=\"c600a8c\" data-element_type=\"container\" data-e-type=\"container\">\n\t\t\t\t<div class=\"elementor-element elementor-element-4ba6328 elementor-widget elementor-widget-text-editor\" data-id=\"4ba6328\" data-element_type=\"widget\" data-e-type=\"widget\" data-widget_type=\"text-editor.default\">\n\t\t\t\t\t\t\t\t\t<p><strong>Cuisine-salle \u00e0 manger :<\/strong> grand banc d&rsquo;angle et table, cuisine enti\u00e8rement \u00e9quip\u00e9e avec lave-vaisselle, plaque vitroc\u00e9ramique, four, r\u00e9frig\u00e9rateur avec compartiment cong\u00e9lateur, machine \u00e0 caf\u00e9 Nespresso, vue sur le t\u00e9l\u00e9ski de Golmenegg<\/p><p><strong>Salon et salle \u00e0 manger lumineux :<\/strong> canap\u00e9 confortable, table \u00e0 manger, balcon avec vue panoramique unique sur la Riederalp et les montagnes valaisannes, y compris le Cervin<\/p><p><strong>Chambre parentale :<\/strong> avec lit double (2 matelas) et vue sur la Riederalp et les montagnes valaisannes<\/p><p><strong>Chambre 1 :<\/strong> chambre avec 2 lits dispos\u00e9s dans le style d&rsquo;un dortoir, fen\u00eatre sur le c\u00f4t\u00e9 ouest<\/p><p><strong>Chambre 2 :<\/strong> chambre de passage avec 2 lits dispos\u00e9s dans le style d&rsquo;un dortoir, petite fen\u00eatre sur le c\u00f4t\u00e9 nord<\/p><p><strong>Salle de bain :<\/strong> toilettes, baignoire et s\u00e8che-cheveux<\/p>\t\t\t\t\t\t\t\t<\/div>\n\t\t\t\t<\/div>\n\t\t<div class=\"elementor-element elementor-element-5a49dfd e-con-full e-flex e-con e-child\" data-id=\"5a49dfd\" data-element_type=\"container\" data-e-type=\"container\">\n\t\t\t\t<div class=\"elementor-element elementor-element-24b88dc elementor-widget elementor-widget-ucaddon_uc_material_bullets\" data-id=\"24b88dc\" data-element_type=\"widget\" data-e-type=\"widget\" data-widget_type=\"ucaddon_uc_material_bullets.default\">\n\t\t\t\t<div class=\"elementor-widget-container\">\n\t\t\t\t\t\n<!-- start Icon Bullets -->\n\t\t<link id='font-awesome-css' href='https:\/\/traumferien-riederalp.ch\/wp-content\/plugins\/unlimited-elements-for-elementor\/assets_libraries\/font-awesome6\/fontawesome-all.min.css' type='text\/css' rel='stylesheet' >\n\t\t<link id='font-awesome-4-shim-css' href='https:\/\/traumferien-riederalp.ch\/wp-content\/plugins\/unlimited-elements-for-elementor\/assets_libraries\/font-awesome6\/fontawesome-v4-shims.min.css' type='text\/css' rel='stylesheet' >\n\n<style>\/* widget: Icon Bullets *\/\n\n\n\n#uc_uc_material_bullets_elementor_24b88dc *{\n\t-webkit-box-sizing: border-box;\n\t-moz-box-sizing: border-box;\n\tbox-sizing: border-box;\n}\n\n#uc_uc_material_bullets_elementor_24b88dc .ue-icon-wrapper{\n\tdisplay: flex;\n}\n\n#uc_uc_material_bullets_elementor_24b88dc .ue-icon{\n  display:flex;\n  align-items:center;\n  justify-content:center;\n  flex-grow:0;\n  flex-shrink:0;\n  line-height:1em;\n  transition:0.3s;\n}\n\n#uc_uc_material_bullets_elementor_24b88dc .ue-icon svg{\n  height:1em;\n  width:1em;\n}\n\n#uc_uc_material_bullets_elementor_24b88dc .uc_material_bullets_row{\n\tfont-weight:400;\n\toverflow:hidden;\n\tdisplay:flex;\n\tposition:relative;\n\ttext-align:left;\n\twidth:100%;   \n    transition:0.3s;\n}\n\n#uc_uc_material_bullets_elementor_24b88dc .uc_material_bullets_row a.ue-item-link{\n  position:absolute;\n  display:block;\n  top:0;\n  right:0;\n  left:0;\n  bottom:0;\n}\n\n#uc_uc_material_bullets_elementor_24b88dc .uc_material_bullets_row:last-child{\n\tmargin-bottom:0px !important;\n}\n\n\n#uc_uc_material_bullets_elementor_24b88dc .uc_material_bullets_row {\n\tposition:relative;\n\tvertical-align:middle;\n}\n\n#uc_uc_material_bullets_elementor_24b88dc .uc_material_bullets_row .uc_content_box{\n\tdisplay:flex;\n    flex-direction:column;\n    align-items: flex-start;\n    flex-grow:1;\n}\n\n#uc_uc_material_bullets_elementor_24b88dc .ue-bullets{\n  display:grid;\n}\n\n#uc_uc_material_bullets_elementor_24b88dc .ue-text, \n#uc_uc_material_bullets_elementor_24b88dc .ue-title, \n#uc_uc_material_bullets_elementor_24b88dc .ue-seperator{\n  width:100%;\n}\n\n#uc_uc_material_bullets_elementor_24b88dc .ue-seperator-line{\n  display:inline-block;\n  font-size:0px;\n}\n\n#uc_uc_material_bullets_elementor_24b88dc .ue-seperator{\n  font-size:0px;\n}\n\n#uc_uc_material_bullets_elementor_24b88dc.uc-remote-parent .uc_material_bullets_row{\n  cursor:pointer;\n}\n\n.ue-title{\n  font-size:21px;\n  margin:0;\n}\n\n#uc_uc_material_bullets_elementor_24b88dc .uc_content_box > *{\n  transition: all .3s;\n}\n\n<\/style>\n\n<div id=\"uc_uc_material_bullets_elementor_24b88dc\" class=\"uc_material_bullets  \"  >   \t\n  <div class=\"ue-bullets uc-items-wrapper\" role=\"list\">\n    <div class=\"uc_material_bullets_row elementor-repeater-item-43c5c3f\" role=\"listitem\">\n  <div class=\"ue-icon-wrapper\" role=\"img\" aria-label=\"4 1\/2 pi\u00e8ces, 90m\u00b2\">\n    <div class=\"ue-icon\">\n       <i class='fas fa-check'><\/i>       \t          \n    <\/div>\n  <\/div>\n  \n  <div class=\"uc_content_box uc_ceal\">\n    <div class=\"ue-title\">4 1\/2 pi\u00e8ces, 90m\u00b2<\/div>\n    \n    \t\n    \n    <div class=\"ue-text\"><\/div>\t\n  <\/div>\n  \t\n<\/div>\n<div class=\"uc_material_bullets_row elementor-repeater-item-f462e55\" role=\"listitem\">\n  <div class=\"ue-icon-wrapper\" role=\"img\" aria-label=\"6 lits\">\n    <div class=\"ue-icon\">\n       <i class='fas fa-check'><\/i>       \t          \n    <\/div>\n  <\/div>\n  \n  <div class=\"uc_content_box uc_ceal\">\n    <div class=\"ue-title\">6 lits<\/div>\n    \n    \t\n    \n    <div class=\"ue-text\"><\/div>\t\n  <\/div>\n  \t\n<\/div>\n<div class=\"uc_material_bullets_row elementor-repeater-item-4055a52\" role=\"listitem\">\n  <div class=\"ue-icon-wrapper\" role=\"img\" aria-label=\"Chauffage central au mazout\">\n    <div class=\"ue-icon\">\n       <i class='fas fa-check'><\/i>       \t          \n    <\/div>\n  <\/div>\n  \n  <div class=\"uc_content_box uc_ceal\">\n    <div class=\"ue-title\">Chauffage central au mazout<\/div>\n    \n    \t\n    \n    <div class=\"ue-text\">\n<\/div>\t\n  <\/div>\n  \t\n<\/div>\n<div class=\"uc_material_bullets_row elementor-repeater-item-d93c6cd\" role=\"listitem\">\n  <div class=\"ue-icon-wrapper\" role=\"img\" aria-label=\"Lave-vaisselle\">\n    <div class=\"ue-icon\">\n       <i class='fas fa-check'><\/i>       \t          \n    <\/div>\n  <\/div>\n  \n  <div class=\"uc_content_box uc_ceal\">\n    <div class=\"ue-title\">Lave-vaisselle<\/div>\n    \n    \t\n    \n    <div class=\"ue-text\"><\/div>\t\n  <\/div>\n  \t\n<\/div>\n<div class=\"uc_material_bullets_row elementor-repeater-item-6d13e34\" role=\"listitem\">\n  <div class=\"ue-icon-wrapper\" role=\"img\" aria-label=\"R\u00e9frig\u00e9rateur avec compartiment cong\u00e9lateur\">\n    <div class=\"ue-icon\">\n       <i class='fas fa-check'><\/i>       \t          \n    <\/div>\n  <\/div>\n  \n  <div class=\"uc_content_box uc_ceal\">\n    <div class=\"ue-title\">R\u00e9frig\u00e9rateur avec compartiment cong\u00e9lateur<\/div>\n    \n    \t\n    \n    <div class=\"ue-text\"><\/div>\t\n  <\/div>\n  \t\n<\/div>\n<div class=\"uc_material_bullets_row elementor-repeater-item-9988196\" role=\"listitem\">\n  <div class=\"ue-icon-wrapper\" role=\"img\" aria-label=\"Machine \u00e0 caf\u00e9 Nespresso\">\n    <div class=\"ue-icon\">\n       <i class='fas fa-check'><\/i>       \t          \n    <\/div>\n  <\/div>\n  \n  <div class=\"uc_content_box uc_ceal\">\n    <div class=\"ue-title\">Machine \u00e0 caf\u00e9 Nespresso<\/div>\n    \n    \t\n    \n    <div class=\"ue-text\"><\/div>\t\n  <\/div>\n  \t\n<\/div>\n<div class=\"uc_material_bullets_row elementor-repeater-item-5bfcb62\" role=\"listitem\">\n  <div class=\"ue-icon-wrapper\" role=\"img\" aria-label=\"WLAN gratuit (5G)\">\n    <div class=\"ue-icon\">\n       <i class='fas fa-check'><\/i>       \t          \n    <\/div>\n  <\/div>\n  \n  <div class=\"uc_content_box uc_ceal\">\n    <div class=\"ue-title\">WLAN gratuit (5G)<\/div>\n    \n    \t\n    \n    <div class=\"ue-text\"><\/div>\t\n  <\/div>\n  \t\n<\/div>\n<div class=\"uc_material_bullets_row elementor-repeater-item-1dc268b\" role=\"listitem\">\n  <div class=\"ue-icon-wrapper\" role=\"img\" aria-label=\"Vue panoramique avec vue sur le Cervin\">\n    <div class=\"ue-icon\">\n       <i class='fas fa-check'><\/i>       \t          \n    <\/div>\n  <\/div>\n  \n  <div class=\"uc_content_box uc_ceal\">\n    <div class=\"ue-title\">Vue panoramique avec vue sur le Cervin<\/div>\n    \n    \t\n    \n    <div class=\"ue-text\"><\/div>\t\n  <\/div>\n  \t\n<\/div>\n<div class=\"uc_material_bullets_row elementor-repeater-item-c535de0\" role=\"listitem\">\n  <div class=\"ue-icon-wrapper\" role=\"img\" aria-label=\"Balcon ensoleill\u00e9 (SE \u00e0 SO)\">\n    <div class=\"ue-icon\">\n       <i class='fas fa-check'><\/i>       \t          \n    <\/div>\n  <\/div>\n  \n  <div class=\"uc_content_box uc_ceal\">\n    <div class=\"ue-title\">Balcon ensoleill\u00e9 (SE \u00e0 SO)<\/div>\n    \n    \t\n    \n    <div class=\"ue-text\"><\/div>\t\n  <\/div>\n  \t\n<\/div>\n<div class=\"uc_material_bullets_row elementor-repeater-item-a22eb41\" role=\"listitem\">\n  <div class=\"ue-icon-wrapper\" role=\"img\" aria-label=\"Ski-In et Ski-Out : 40 m t\u00e9l\u00e9ski Golmenegg, 50 m piste Moosfluh\">\n    <div class=\"ue-icon\">\n       <i class='fas fa-check'><\/i>       \t          \n    <\/div>\n  <\/div>\n  \n  <div class=\"uc_content_box uc_ceal\">\n    <div class=\"ue-title\">Ski-In et Ski-Out : 40 m t\u00e9l\u00e9ski Golmenegg, 50 m piste Moosfluh<\/div>\n    \n    \t\n    \n    <div class=\"ue-text\"><\/div>\t\n  <\/div>\n  \t\n<\/div>\n<div class=\"uc_material_bullets_row elementor-repeater-item-571b110\" role=\"listitem\">\n  <div class=\"ue-icon-wrapper\" role=\"img\" aria-label=\"Non-fumeur\">\n    <div class=\"ue-icon\">\n       <i class='fas fa-check'><\/i>       \t          \n    <\/div>\n  <\/div>\n  \n  <div class=\"uc_content_box uc_ceal\">\n    <div class=\"ue-title\">Non-fumeur<\/div>\n    \n    \t\n    \n    <div class=\"ue-text\"><\/div>\t\n  <\/div>\n  \t\n<\/div>\n<div class=\"uc_material_bullets_row elementor-repeater-item-d4b1ea3\" role=\"listitem\">\n  <div class=\"ue-icon-wrapper\" role=\"img\" aria-label=\"Animaux domestiques (chiens) autoris\u00e9s\">\n    <div class=\"ue-icon\">\n       <i class='fas fa-check'><\/i>       \t          \n    <\/div>\n  <\/div>\n  \n  <div class=\"uc_content_box uc_ceal\">\n    <div class=\"ue-title\">Animaux domestiques (chiens) autoris\u00e9s<\/div>\n    \n    \t\n    \n    <div class=\"ue-text\"><\/div>\t\n  <\/div>\n  \t\n<\/div>\n\n  <\/div>\n<\/div>\n<!-- end Icon Bullets -->\t\t\t\t<\/div>\n\t\t\t\t<\/div>\n\t\t\t\t<\/div>\n\t\t\t\t\t<\/div>\n\t\t\t\t<\/div>\n\t\t<div class=\"elementor-element elementor-element-189784a e-flex e-con-boxed e-con e-parent\" data-id=\"189784a\" data-element_type=\"container\" data-e-type=\"container\">\n\t\t\t\t\t<div class=\"e-con-inner\">\n\t\t\t\t<div class=\"elementor-element elementor-element-cf7947a elementor-widget elementor-widget-heading\" data-id=\"cf7947a\" data-element_type=\"widget\" data-e-type=\"widget\" data-widget_type=\"heading.default\">\n\t\t\t\t\t<h3 class=\"elementor-heading-title elementor-size-default\">Appartement<\/h3>\t\t\t\t<\/div>\n\t\t\t\t<div class=\"elementor-element elementor-element-c9266ec elementor-widget elementor-widget-gallery\" data-id=\"c9266ec\" data-element_type=\"widget\" data-e-type=\"widget\" data-settings=\"{&quot;lazyload&quot;:&quot;yes&quot;,&quot;gallery_layout&quot;:&quot;grid&quot;,&quot;columns&quot;:4,&quot;columns_tablet&quot;:2,&quot;columns_mobile&quot;:1,&quot;gap&quot;:{&quot;unit&quot;:&quot;px&quot;,&quot;size&quot;:10,&quot;sizes&quot;:[]},&quot;gap_tablet&quot;:{&quot;unit&quot;:&quot;px&quot;,&quot;size&quot;:10,&quot;sizes&quot;:[]},&quot;gap_mobile&quot;:{&quot;unit&quot;:&quot;px&quot;,&quot;size&quot;:10,&quot;sizes&quot;:[]},&quot;link_to&quot;:&quot;file&quot;,&quot;aspect_ratio&quot;:&quot;3:2&quot;,&quot;overlay_background&quot;:&quot;yes&quot;,&quot;content_hover_animation&quot;:&quot;fade-in&quot;}\" data-widget_type=\"gallery.default\">\n\t\t\t\t\t\t\t<div class=\"elementor-gallery__container\">\n\t\t\t\t\t\t\t<a class=\"e-gallery-item elementor-gallery-item elementor-animated-content\" href=\"https:\/\/i0.wp.com\/traumferien-riederalp.ch\/wp-content\/uploads\/2026\/01\/Flur-3.webp?fit=1440%2C1920&#038;ssl=1\" data-elementor-open-lightbox=\"yes\" data-elementor-lightbox-slideshow=\"c9266ec\" data-elementor-lightbox-title=\"Couloir\" data-e-action-hash=\"#elementor-action%3Aaction%3Dlightbox%26settings%3DeyJpZCI6NTYzNywidXJsIjoiaHR0cHM6XC9cL3RyYXVtZmVyaWVuLXJpZWRlcmFscC5jaFwvd3AtY29udGVudFwvdXBsb2Fkc1wvMjAyNlwvMDFcL0ZsdXItMy53ZWJwIiwic2xpZGVzaG93IjoiYzkyNjZlYyJ9\">\n\t\t\t\t\t<div class=\"e-gallery-image elementor-gallery-item__image\" data-thumbnail=\"https:\/\/i0.wp.com\/traumferien-riederalp.ch\/wp-content\/uploads\/2026\/01\/Flur-3.webp?fit=225%2C300&amp;ssl=1\" data-width=\"225\" data-height=\"300\" aria-label=\"\" role=\"img\" ><\/div>\n\t\t\t\t\t\t\t\t\t\t\t<div class=\"elementor-gallery-item__overlay\"><\/div>\n\t\t\t\t\t\t\t\t\t\t\t\t\t\t<\/a>\n\t\t\t\t\t\t\t<a class=\"e-gallery-item elementor-gallery-item elementor-animated-content\" href=\"https:\/\/i0.wp.com\/traumferien-riederalp.ch\/wp-content\/uploads\/2026\/01\/Wohnzimmer-37.webp?fit=1920%2C1440&#038;ssl=1\" data-elementor-open-lightbox=\"yes\" data-elementor-lightbox-slideshow=\"c9266ec\" data-elementor-lightbox-title=\"Salon Vue direction balcon\" data-e-action-hash=\"#elementor-action%3Aaction%3Dlightbox%26settings%3DeyJpZCI6NTYzOCwidXJsIjoiaHR0cHM6XC9cL3RyYXVtZmVyaWVuLXJpZWRlcmFscC5jaFwvd3AtY29udGVudFwvdXBsb2Fkc1wvMjAyNlwvMDFcL1dvaG56aW1tZXItMzcud2VicCIsInNsaWRlc2hvdyI6ImM5MjY2ZWMifQ%3D%3D\">\n\t\t\t\t\t<div class=\"e-gallery-image elementor-gallery-item__image\" data-thumbnail=\"https:\/\/i0.wp.com\/traumferien-riederalp.ch\/wp-content\/uploads\/2026\/01\/Wohnzimmer-37.webp?fit=300%2C225&amp;ssl=1\" data-width=\"300\" data-height=\"225\" aria-label=\"\" role=\"img\" ><\/div>\n\t\t\t\t\t\t\t\t\t\t\t<div class=\"elementor-gallery-item__overlay\"><\/div>\n\t\t\t\t\t\t\t\t\t\t\t\t\t\t<\/a>\n\t\t\t\t\t\t\t<a class=\"e-gallery-item elementor-gallery-item elementor-animated-content\" href=\"https:\/\/i0.wp.com\/traumferien-riederalp.ch\/wp-content\/uploads\/2026\/01\/Wohnzimmer-42.webp?fit=1920%2C1440&#038;ssl=1\" data-elementor-open-lightbox=\"yes\" data-elementor-lightbox-slideshow=\"c9266ec\" data-elementor-lightbox-title=\"Salon Vue direction canap\u00e9\" data-e-action-hash=\"#elementor-action%3Aaction%3Dlightbox%26settings%3DeyJpZCI6NTYzOSwidXJsIjoiaHR0cHM6XC9cL3RyYXVtZmVyaWVuLXJpZWRlcmFscC5jaFwvd3AtY29udGVudFwvdXBsb2Fkc1wvMjAyNlwvMDFcL1dvaG56aW1tZXItNDIud2VicCIsInNsaWRlc2hvdyI6ImM5MjY2ZWMifQ%3D%3D\">\n\t\t\t\t\t<div class=\"e-gallery-image elementor-gallery-item__image\" data-thumbnail=\"https:\/\/i0.wp.com\/traumferien-riederalp.ch\/wp-content\/uploads\/2026\/01\/Wohnzimmer-42.webp?fit=300%2C225&amp;ssl=1\" data-width=\"300\" data-height=\"225\" aria-label=\"\" role=\"img\" ><\/div>\n\t\t\t\t\t\t\t\t\t\t\t<div class=\"elementor-gallery-item__overlay\"><\/div>\n\t\t\t\t\t\t\t\t\t\t\t\t\t\t<\/a>\n\t\t\t\t\t\t\t<a class=\"e-gallery-item elementor-gallery-item elementor-animated-content\" href=\"https:\/\/i0.wp.com\/traumferien-riederalp.ch\/wp-content\/uploads\/2026\/01\/20220312_172038.webp?fit=1920%2C1440&#038;ssl=1\" data-elementor-open-lightbox=\"yes\" data-elementor-lightbox-slideshow=\"c9266ec\" data-elementor-lightbox-title=\"Cuisine\" data-e-action-hash=\"#elementor-action%3Aaction%3Dlightbox%26settings%3DeyJpZCI6NTY0MSwidXJsIjoiaHR0cHM6XC9cL3RyYXVtZmVyaWVuLXJpZWRlcmFscC5jaFwvd3AtY29udGVudFwvdXBsb2Fkc1wvMjAyNlwvMDFcLzIwMjIwMzEyXzE3MjAzOC53ZWJwIiwic2xpZGVzaG93IjoiYzkyNjZlYyJ9\">\n\t\t\t\t\t<div class=\"e-gallery-image elementor-gallery-item__image\" data-thumbnail=\"https:\/\/i0.wp.com\/traumferien-riederalp.ch\/wp-content\/uploads\/2026\/01\/20220312_172038.webp?fit=300%2C225&amp;ssl=1\" data-width=\"300\" data-height=\"225\" aria-label=\"\" role=\"img\" ><\/div>\n\t\t\t\t\t\t\t\t\t\t\t<div class=\"elementor-gallery-item__overlay\"><\/div>\n\t\t\t\t\t\t\t\t\t\t\t\t\t\t<\/a>\n\t\t\t\t\t\t\t<a class=\"e-gallery-item elementor-gallery-item elementor-animated-content\" href=\"https:\/\/i0.wp.com\/traumferien-riederalp.ch\/wp-content\/uploads\/2026\/01\/Kueche-1.webp?fit=1920%2C1440&#038;ssl=1\" data-elementor-open-lightbox=\"yes\" data-elementor-lightbox-slideshow=\"c9266ec\" data-elementor-lightbox-title=\"Table \u00e0 manger Cuisine\" data-e-action-hash=\"#elementor-action%3Aaction%3Dlightbox%26settings%3DeyJpZCI6NTY0MiwidXJsIjoiaHR0cHM6XC9cL3RyYXVtZmVyaWVuLXJpZWRlcmFscC5jaFwvd3AtY29udGVudFwvdXBsb2Fkc1wvMjAyNlwvMDFcL0t1ZWNoZS0xLndlYnAiLCJzbGlkZXNob3ciOiJjOTI2NmVjIn0%3D\">\n\t\t\t\t\t<div class=\"e-gallery-image elementor-gallery-item__image\" data-thumbnail=\"https:\/\/i0.wp.com\/traumferien-riederalp.ch\/wp-content\/uploads\/2026\/01\/Kueche-1.webp?fit=300%2C225&amp;ssl=1\" data-width=\"300\" data-height=\"225\" aria-label=\"\" role=\"img\" ><\/div>\n\t\t\t\t\t\t\t\t\t\t\t<div class=\"elementor-gallery-item__overlay\"><\/div>\n\t\t\t\t\t\t\t\t\t\t\t\t\t\t<\/a>\n\t\t\t\t\t\t\t<a class=\"e-gallery-item elementor-gallery-item elementor-animated-content\" href=\"https:\/\/i0.wp.com\/traumferien-riederalp.ch\/wp-content\/uploads\/2026\/01\/Nasszelle-2.webp?fit=1920%2C1440&#038;ssl=1\" data-elementor-open-lightbox=\"yes\" data-elementor-lightbox-slideshow=\"c9266ec\" data-elementor-lightbox-title=\"Lavabo\" data-e-action-hash=\"#elementor-action%3Aaction%3Dlightbox%26settings%3DeyJpZCI6NTY0MywidXJsIjoiaHR0cHM6XC9cL3RyYXVtZmVyaWVuLXJpZWRlcmFscC5jaFwvd3AtY29udGVudFwvdXBsb2Fkc1wvMjAyNlwvMDFcL05hc3N6ZWxsZS0yLndlYnAiLCJzbGlkZXNob3ciOiJjOTI2NmVjIn0%3D\">\n\t\t\t\t\t<div class=\"e-gallery-image elementor-gallery-item__image\" data-thumbnail=\"https:\/\/i0.wp.com\/traumferien-riederalp.ch\/wp-content\/uploads\/2026\/01\/Nasszelle-2.webp?fit=300%2C225&amp;ssl=1\" data-width=\"300\" data-height=\"225\" aria-label=\"\" role=\"img\" ><\/div>\n\t\t\t\t\t\t\t\t\t\t\t<div class=\"elementor-gallery-item__overlay\"><\/div>\n\t\t\t\t\t\t\t\t\t\t\t\t\t\t<\/a>\n\t\t\t\t\t\t\t<a class=\"e-gallery-item elementor-gallery-item elementor-animated-content\" href=\"https:\/\/i0.wp.com\/traumferien-riederalp.ch\/wp-content\/uploads\/2026\/01\/Nasszelle.webp?fit=1920%2C1440&#038;ssl=1\" data-elementor-open-lightbox=\"yes\" data-elementor-lightbox-slideshow=\"c9266ec\" data-elementor-lightbox-title=\"Pi\u00e8ce humide\" data-e-action-hash=\"#elementor-action%3Aaction%3Dlightbox%26settings%3DeyJpZCI6NTY0NCwidXJsIjoiaHR0cHM6XC9cL3RyYXVtZmVyaWVuLXJpZWRlcmFscC5jaFwvd3AtY29udGVudFwvdXBsb2Fkc1wvMjAyNlwvMDFcL05hc3N6ZWxsZS53ZWJwIiwic2xpZGVzaG93IjoiYzkyNjZlYyJ9\">\n\t\t\t\t\t<div class=\"e-gallery-image elementor-gallery-item__image\" data-thumbnail=\"https:\/\/i0.wp.com\/traumferien-riederalp.ch\/wp-content\/uploads\/2026\/01\/Nasszelle.webp?fit=300%2C225&amp;ssl=1\" data-width=\"300\" data-height=\"225\" aria-label=\"\" role=\"img\" ><\/div>\n\t\t\t\t\t\t\t\t\t\t\t<div class=\"elementor-gallery-item__overlay\"><\/div>\n\t\t\t\t\t\t\t\t\t\t\t\t\t\t<\/a>\n\t\t\t\t\t\t\t<a class=\"e-gallery-item elementor-gallery-item elementor-animated-content\" href=\"https:\/\/i0.wp.com\/traumferien-riederalp.ch\/wp-content\/uploads\/2026\/01\/Elternschlafzimmer-1.webp?fit=1920%2C1440&#038;ssl=1\" data-elementor-open-lightbox=\"yes\" data-elementor-lightbox-slideshow=\"c9266ec\" data-elementor-lightbox-title=\"Chambre parentale\" data-e-action-hash=\"#elementor-action%3Aaction%3Dlightbox%26settings%3DeyJpZCI6NTY0NiwidXJsIjoiaHR0cHM6XC9cL3RyYXVtZmVyaWVuLXJpZWRlcmFscC5jaFwvd3AtY29udGVudFwvdXBsb2Fkc1wvMjAyNlwvMDFcL0VsdGVybnNjaGxhZnppbW1lci0xLndlYnAiLCJzbGlkZXNob3ciOiJjOTI2NmVjIn0%3D\">\n\t\t\t\t\t<div class=\"e-gallery-image elementor-gallery-item__image\" data-thumbnail=\"https:\/\/i0.wp.com\/traumferien-riederalp.ch\/wp-content\/uploads\/2026\/01\/Elternschlafzimmer-1.webp?fit=300%2C225&amp;ssl=1\" data-width=\"300\" data-height=\"225\" aria-label=\"\" role=\"img\" ><\/div>\n\t\t\t\t\t\t\t\t\t\t\t<div class=\"elementor-gallery-item__overlay\"><\/div>\n\t\t\t\t\t\t\t\t\t\t\t\t\t\t<\/a>\n\t\t\t\t\t\t\t<a class=\"e-gallery-item elementor-gallery-item elementor-animated-content\" href=\"https:\/\/i0.wp.com\/traumferien-riederalp.ch\/wp-content\/uploads\/2026\/01\/Schlafzimmer-2.webp?fit=1440%2C1920&#038;ssl=1\" data-elementor-open-lightbox=\"yes\" data-elementor-lightbox-slideshow=\"c9266ec\" data-elementor-lightbox-title=\"Chambre 2\" data-e-action-hash=\"#elementor-action%3Aaction%3Dlightbox%26settings%3DeyJpZCI6NTY0NywidXJsIjoiaHR0cHM6XC9cL3RyYXVtZmVyaWVuLXJpZWRlcmFscC5jaFwvd3AtY29udGVudFwvdXBsb2Fkc1wvMjAyNlwvMDFcL1NjaGxhZnppbW1lci0yLndlYnAiLCJzbGlkZXNob3ciOiJjOTI2NmVjIn0%3D\">\n\t\t\t\t\t<div class=\"e-gallery-image elementor-gallery-item__image\" data-thumbnail=\"https:\/\/i0.wp.com\/traumferien-riederalp.ch\/wp-content\/uploads\/2026\/01\/Schlafzimmer-2.webp?fit=225%2C300&amp;ssl=1\" data-width=\"225\" data-height=\"300\" aria-label=\"\" role=\"img\" ><\/div>\n\t\t\t\t\t\t\t\t\t\t\t<div class=\"elementor-gallery-item__overlay\"><\/div>\n\t\t\t\t\t\t\t\t\t\t\t\t\t\t<\/a>\n\t\t\t\t\t\t\t<a class=\"e-gallery-item elementor-gallery-item elementor-animated-content\" href=\"https:\/\/i0.wp.com\/traumferien-riederalp.ch\/wp-content\/uploads\/2026\/01\/Schlafzimmer-1.webp?fit=1440%2C1920&#038;ssl=1\" data-elementor-open-lightbox=\"yes\" data-elementor-lightbox-slideshow=\"c9266ec\" data-elementor-lightbox-title=\"Chambre 1\" data-e-action-hash=\"#elementor-action%3Aaction%3Dlightbox%26settings%3DeyJpZCI6NTY0OCwidXJsIjoiaHR0cHM6XC9cL3RyYXVtZmVyaWVuLXJpZWRlcmFscC5jaFwvd3AtY29udGVudFwvdXBsb2Fkc1wvMjAyNlwvMDFcL1NjaGxhZnppbW1lci0xLndlYnAiLCJzbGlkZXNob3ciOiJjOTI2NmVjIn0%3D\">\n\t\t\t\t\t<div class=\"e-gallery-image elementor-gallery-item__image\" data-thumbnail=\"https:\/\/i0.wp.com\/traumferien-riederalp.ch\/wp-content\/uploads\/2026\/01\/Schlafzimmer-1.webp?fit=225%2C300&amp;ssl=1\" data-width=\"225\" data-height=\"300\" aria-label=\"\" role=\"img\" ><\/div>\n\t\t\t\t\t\t\t\t\t\t\t<div class=\"elementor-gallery-item__overlay\"><\/div>\n\t\t\t\t\t\t\t\t\t\t\t\t\t\t<\/a>\n\t\t\t\t\t<\/div>\n\t\t\t\t\t<\/div>\n\t\t\t\t\t<\/div>\n\t\t\t\t<\/div>\n\t\t<div class=\"elementor-element elementor-element-585b6bb e-flex e-con-boxed e-con e-parent\" data-id=\"585b6bb\" data-element_type=\"container\" data-e-type=\"container\">\n\t\t\t\t\t<div class=\"e-con-inner\">\n\t\t\t\t<div class=\"elementor-element elementor-element-cdd5134 elementor-widget elementor-widget-heading\" data-id=\"cdd5134\" data-element_type=\"widget\" data-e-type=\"widget\" data-widget_type=\"heading.default\">\n\t\t\t\t\t<h3 class=\"elementor-heading-title elementor-size-default\">Vues<\/h3>\t\t\t\t<\/div>\n\t\t\t\t<div class=\"elementor-element elementor-element-8c5c16e elementor-widget elementor-widget-gallery\" data-id=\"8c5c16e\" data-element_type=\"widget\" data-e-type=\"widget\" data-settings=\"{&quot;lazyload&quot;:&quot;yes&quot;,&quot;gallery_layout&quot;:&quot;grid&quot;,&quot;columns&quot;:4,&quot;columns_tablet&quot;:2,&quot;columns_mobile&quot;:1,&quot;gap&quot;:{&quot;unit&quot;:&quot;px&quot;,&quot;size&quot;:10,&quot;sizes&quot;:[]},&quot;gap_tablet&quot;:{&quot;unit&quot;:&quot;px&quot;,&quot;size&quot;:10,&quot;sizes&quot;:[]},&quot;gap_mobile&quot;:{&quot;unit&quot;:&quot;px&quot;,&quot;size&quot;:10,&quot;sizes&quot;:[]},&quot;link_to&quot;:&quot;file&quot;,&quot;aspect_ratio&quot;:&quot;3:2&quot;,&quot;overlay_background&quot;:&quot;yes&quot;,&quot;content_hover_animation&quot;:&quot;fade-in&quot;}\" data-widget_type=\"gallery.default\">\n\t\t\t\t\t\t\t<div class=\"elementor-gallery__container\">\n\t\t\t\t\t\t\t<a class=\"e-gallery-item elementor-gallery-item elementor-animated-content\" href=\"https:\/\/i0.wp.com\/traumferien-riederalp.ch\/wp-content\/uploads\/2026\/01\/Balkon-Aussicht.webp?fit=1920%2C1080&#038;ssl=1\" data-elementor-open-lightbox=\"yes\" data-elementor-lightbox-slideshow=\"8c5c16e\" data-elementor-lightbox-title=\"Vue du balcon sur la Riederalp ensoleill\u00e9e\" data-e-action-hash=\"#elementor-action%3Aaction%3Dlightbox%26settings%3DeyJpZCI6NTY0OSwidXJsIjoiaHR0cHM6XC9cL3RyYXVtZmVyaWVuLXJpZWRlcmFscC5jaFwvd3AtY29udGVudFwvdXBsb2Fkc1wvMjAyNlwvMDFcL0JhbGtvbi1BdXNzaWNodC53ZWJwIiwic2xpZGVzaG93IjoiOGM1YzE2ZSJ9\">\n\t\t\t\t\t<div class=\"e-gallery-image elementor-gallery-item__image\" data-thumbnail=\"https:\/\/i0.wp.com\/traumferien-riederalp.ch\/wp-content\/uploads\/2026\/01\/Balkon-Aussicht.webp?fit=300%2C169&amp;ssl=1\" data-width=\"300\" data-height=\"169\" aria-label=\"\" role=\"img\" ><\/div>\n\t\t\t\t\t\t\t\t\t\t\t<div class=\"elementor-gallery-item__overlay\"><\/div>\n\t\t\t\t\t\t\t\t\t\t\t\t\t\t<\/a>\n\t\t\t\t\t\t\t<a class=\"e-gallery-item elementor-gallery-item elementor-animated-content\" href=\"https:\/\/i0.wp.com\/traumferien-riederalp.ch\/wp-content\/uploads\/2026\/01\/Aussicht-Kuechenfenster.webp?fit=1231%2C1920&#038;ssl=1\" data-elementor-open-lightbox=\"yes\" data-elementor-lightbox-slideshow=\"8c5c16e\" data-elementor-lightbox-title=\"Vue \u00e0 travers la fen\u00eatre de la cuisine sur le t\u00e9l\u00e9ski de Golmenegg\" data-e-action-hash=\"#elementor-action%3Aaction%3Dlightbox%26settings%3DeyJpZCI6NTY1MCwidXJsIjoiaHR0cHM6XC9cL3RyYXVtZmVyaWVuLXJpZWRlcmFscC5jaFwvd3AtY29udGVudFwvdXBsb2Fkc1wvMjAyNlwvMDFcL0F1c3NpY2h0LUt1ZWNoZW5mZW5zdGVyLndlYnAiLCJzbGlkZXNob3ciOiI4YzVjMTZlIn0%3D\">\n\t\t\t\t\t<div class=\"e-gallery-image elementor-gallery-item__image\" data-thumbnail=\"https:\/\/i0.wp.com\/traumferien-riederalp.ch\/wp-content\/uploads\/2026\/01\/Aussicht-Kuechenfenster.webp?fit=192%2C300&amp;ssl=1\" data-width=\"192\" data-height=\"300\" aria-label=\"\" role=\"img\" ><\/div>\n\t\t\t\t\t\t\t\t\t\t\t<div class=\"elementor-gallery-item__overlay\"><\/div>\n\t\t\t\t\t\t\t\t\t\t\t\t\t\t<\/a>\n\t\t\t\t\t\t\t<a class=\"e-gallery-item elementor-gallery-item elementor-animated-content\" href=\"https:\/\/i0.wp.com\/traumferien-riederalp.ch\/wp-content\/uploads\/2026\/01\/20220312_172208-rotated.jpg?fit=3000%2C4000&#038;ssl=1\" data-elementor-open-lightbox=\"yes\" data-elementor-lightbox-slideshow=\"8c5c16e\" data-elementor-lightbox-title=\"Vue de la chambre 2\" data-e-action-hash=\"#elementor-action%3Aaction%3Dlightbox%26settings%3DeyJpZCI6NTY1MSwidXJsIjoiaHR0cHM6XC9cL3RyYXVtZmVyaWVuLXJpZWRlcmFscC5jaFwvd3AtY29udGVudFwvdXBsb2Fkc1wvMjAyNlwvMDFcLzIwMjIwMzEyXzE3MjIwOC1yb3RhdGVkLmpwZyIsInNsaWRlc2hvdyI6IjhjNWMxNmUifQ%3D%3D\">\n\t\t\t\t\t<div class=\"e-gallery-image elementor-gallery-item__image\" data-thumbnail=\"https:\/\/i0.wp.com\/traumferien-riederalp.ch\/wp-content\/uploads\/2026\/01\/20220312_172208-rotated.jpg?fit=225%2C300&amp;ssl=1\" data-width=\"225\" data-height=\"300\" aria-label=\"\" role=\"img\" ><\/div>\n\t\t\t\t\t\t\t\t\t\t\t<div class=\"elementor-gallery-item__overlay\"><\/div>\n\t\t\t\t\t\t\t\t\t\t\t\t\t\t<\/a>\n\t\t\t\t\t\t\t<a class=\"e-gallery-item elementor-gallery-item elementor-animated-content\" href=\"https:\/\/i0.wp.com\/traumferien-riederalp.ch\/wp-content\/uploads\/2026\/01\/20220312_171834-1.webp?fit=1920%2C1440&#038;ssl=1\" data-elementor-open-lightbox=\"yes\" data-elementor-lightbox-slideshow=\"8c5c16e\" data-elementor-lightbox-title=\"Vue du balcon\" data-e-action-hash=\"#elementor-action%3Aaction%3Dlightbox%26settings%3DeyJpZCI6NTY1MiwidXJsIjoiaHR0cHM6XC9cL3RyYXVtZmVyaWVuLXJpZWRlcmFscC5jaFwvd3AtY29udGVudFwvdXBsb2Fkc1wvMjAyNlwvMDFcLzIwMjIwMzEyXzE3MTgzNC0xLndlYnAiLCJzbGlkZXNob3ciOiI4YzVjMTZlIn0%3D\">\n\t\t\t\t\t<div class=\"e-gallery-image elementor-gallery-item__image\" data-thumbnail=\"https:\/\/i0.wp.com\/traumferien-riederalp.ch\/wp-content\/uploads\/2026\/01\/20220312_171834-1.webp?fit=300%2C225&amp;ssl=1\" data-width=\"300\" data-height=\"225\" aria-label=\"\" role=\"img\" ><\/div>\n\t\t\t\t\t\t\t\t\t\t\t<div class=\"elementor-gallery-item__overlay\"><\/div>\n\t\t\t\t\t\t\t\t\t\t\t\t\t\t<\/a>\n\t\t\t\t\t<\/div>\n\t\t\t\t\t<\/div>\n\t\t\t\t\t<\/div>\n\t\t\t\t<\/div>\n\t\t<div class=\"elementor-element elementor-element-8a89ba2 e-flex e-con-boxed e-con e-parent\" data-id=\"8a89ba2\" data-element_type=\"container\" data-e-type=\"container\">\n\t\t\t\t\t<div class=\"e-con-inner\">\n\t\t\t\t<div class=\"elementor-element elementor-element-7977849 elementor-widget elementor-widget-heading\" data-id=\"7977849\" data-element_type=\"widget\" data-e-type=\"widget\" data-widget_type=\"heading.default\">\n\t\t\t\t\t<h3 class=\"elementor-heading-title elementor-size-default\">Plan<\/h3>\t\t\t\t<\/div>\n\t\t\t\t<div class=\"elementor-element elementor-element-968862f elementor-widget__width-initial elementor-widget elementor-widget-gallery\" data-id=\"968862f\" data-element_type=\"widget\" data-e-type=\"widget\" data-settings=\"{&quot;gallery_layout&quot;:&quot;masonry&quot;,&quot;columns&quot;:1,&quot;gap&quot;:{&quot;unit&quot;:&quot;px&quot;,&quot;size&quot;:0,&quot;sizes&quot;:[]},&quot;lazyload&quot;:&quot;yes&quot;,&quot;columns_tablet&quot;:2,&quot;columns_mobile&quot;:1,&quot;gap_tablet&quot;:{&quot;unit&quot;:&quot;px&quot;,&quot;size&quot;:10,&quot;sizes&quot;:[]},&quot;gap_mobile&quot;:{&quot;unit&quot;:&quot;px&quot;,&quot;size&quot;:10,&quot;sizes&quot;:[]},&quot;link_to&quot;:&quot;file&quot;,&quot;overlay_background&quot;:&quot;yes&quot;,&quot;content_hover_animation&quot;:&quot;fade-in&quot;}\" data-widget_type=\"gallery.default\">\n\t\t\t\t\t\t\t<div class=\"elementor-gallery__container\">\n\t\t\t\t\t\t\t<a class=\"e-gallery-item elementor-gallery-item elementor-animated-content\" href=\"https:\/\/i0.wp.com\/traumferien-riederalp.ch\/wp-content\/uploads\/2026\/01\/Grundriss-Ferienwohnung-Alpsegen.webp?fit=771%2C808&#038;ssl=1\" data-elementor-open-lightbox=\"yes\" data-elementor-lightbox-slideshow=\"968862f\" data-elementor-lightbox-title=\"Plan de l&#039;appartement de vacances Alpsegen\" data-e-action-hash=\"#elementor-action%3Aaction%3Dlightbox%26settings%3DeyJpZCI6NTY1MywidXJsIjoiaHR0cHM6XC9cL3RyYXVtZmVyaWVuLXJpZWRlcmFscC5jaFwvd3AtY29udGVudFwvdXBsb2Fkc1wvMjAyNlwvMDFcL0dydW5kcmlzcy1GZXJpZW53b2hudW5nLUFscHNlZ2VuLndlYnAiLCJzbGlkZXNob3ciOiI5Njg4NjJmIn0%3D\">\n\t\t\t\t\t<div class=\"e-gallery-image elementor-gallery-item__image\" data-thumbnail=\"https:\/\/i0.wp.com\/traumferien-riederalp.ch\/wp-content\/uploads\/2026\/01\/Grundriss-Ferienwohnung-Alpsegen.webp?fit=771%2C808&amp;ssl=1\" data-width=\"771\" data-height=\"808\" aria-label=\"Alpsegen DG Plan\" role=\"img\" ><\/div>\n\t\t\t\t\t\t\t\t\t\t\t<div class=\"elementor-gallery-item__overlay\"><\/div>\n\t\t\t\t\t\t\t\t\t\t\t\t\t\t<\/a>\n\t\t\t\t\t<\/div>\n\t\t\t\t\t<\/div>\n\t\t\t\t\t<\/div>\n\t\t\t\t<\/div>\n\t\t\t\t<\/div>\n\t\t","protected":false},"excerpt":{"rendered":"<p>Appartement de vacances de 4 1\/2 pi\u00e8ces au dernier \u00e9tage Balcon avec vue inoubliable sur la Riederalp ainsi que sur les plus beaux sommets de plus de 4000 m\u00e8tres du Valais Passez des journ\u00e9es ensoleill\u00e9es et paisibles dans le monde de la montagne : &#8230; terminez cette journ\u00e9e de r\u00eave dans le salon lumineux avec [&hellip;]<\/p>\n","protected":false},"author":217222867,"featured_media":0,"parent":0,"menu_order":0,"comment_status":"closed","ping_status":"closed","template":"","meta":{"_wpcom_ai_launchpad_about_page":false,"_wpcom_ai_launchpad_gallery_page":false,"_wpcom_ai_launchpad_contact_page":false,"_wpcom_ai_launchpad_events_page":false,"_wpcom_ai_launchpad_video_page":false,"_wpcom_ai_launchpad_portfolio_piece":false,"footnotes":""},"class_list":["post-5634","page","type-page","status-publish","hentry"],"yoast_head":"<!-- This site is optimized with the Yoast SEO plugin v28.4 - https:\/\/yoast.com\/product\/yoast-seo-wordpress\/ -->\n<title>Appartement de vacances - Traumferien Riederalp Alpsegen<\/title>\n<meta name=\"description\" content=\"Appartement de vacances avec vue imprenable sur le Cervin \u00e0 louer sur la Riederalp\" \/>\n<meta name=\"robots\" content=\"index, follow, max-snippet:-1, max-image-preview:large, max-video-preview:-1\" \/>\n<link rel=\"canonical\" href=\"https:\/\/traumferien-riederalp.ch\/fr\/appartement-de-vacances\/\" \/>\n<meta property=\"og:locale\" content=\"fr_FR\" \/>\n<meta property=\"og:type\" content=\"article\" \/>\n<meta property=\"og:title\" content=\"Appartement de vacances - Traumferien Riederalp Alpsegen\" \/>\n<meta property=\"og:description\" content=\"Appartement de vacances avec vue imprenable sur le Cervin \u00e0 louer sur la Riederalp\" \/>\n<meta property=\"og:url\" content=\"https:\/\/traumferien-riederalp.ch\/fr\/appartement-de-vacances\/\" \/>\n<meta property=\"og:site_name\" content=\"Traumferien Riederalp Alpsegen\" \/>\n<meta property=\"article:publisher\" content=\"https:\/\/www.facebook.com\/share\/1AWSG6xt2m\/\" \/>\n<meta property=\"article:modified_time\" content=\"2026-02-01T16:02:26+00:00\" \/>\n<meta property=\"og:image\" content=\"https:\/\/i0.wp.com\/traumferien-riederalp.ch\/wp-content\/uploads\/2026\/01\/Haus-Herbst-1.webp?fit=962%2C478&ssl=1\" \/>\n\t<meta property=\"og:image:width\" content=\"962\" \/>\n\t<meta property=\"og:image:height\" content=\"478\" \/>\n\t<meta property=\"og:image:type\" content=\"image\/jpeg\" \/>\n<meta name=\"twitter:card\" content=\"summary_large_image\" \/>\n<meta name=\"twitter:label1\" content=\"Dur\u00e9e de lecture estim\u00e9e\" \/>\n\t<meta name=\"twitter:data1\" content=\"2 minutes\" \/>\n<script type=\"application\/ld+json\" class=\"yoast-schema-graph\">{\"@context\":\"https:\\\/\\\/schema.org\",\"@graph\":[{\"@type\":\"WebPage\",\"@id\":\"https:\\\/\\\/traumferien-riederalp.ch\\\/fr\\\/appartement-de-vacances\\\/\",\"url\":\"https:\\\/\\\/traumferien-riederalp.ch\\\/fr\\\/appartement-de-vacances\\\/\",\"name\":\"Appartement de vacances - Traumferien Riederalp Alpsegen\",\"isPartOf\":{\"@id\":\"https:\\\/\\\/traumferien-riederalp.ch\\\/fr\\\/#website\"},\"primaryImageOfPage\":{\"@id\":\"https:\\\/\\\/traumferien-riederalp.ch\\\/fr\\\/appartement-de-vacances\\\/#primaryimage\"},\"image\":{\"@id\":\"https:\\\/\\\/traumferien-riederalp.ch\\\/fr\\\/appartement-de-vacances\\\/#primaryimage\"},\"thumbnailUrl\":\"https:\\\/\\\/i0.wp.com\\\/traumferien-riederalp.ch\\\/wp-content\\\/uploads\\\/2026\\\/01\\\/Haus-Herbst-1.webp?fit=962%2C478&amp;ssl=1\",\"datePublished\":\"2022-02-19T08:47:51+00:00\",\"dateModified\":\"2026-02-01T16:02:26+00:00\",\"description\":\"Appartement de vacances avec vue imprenable sur le Cervin \u00e0 louer sur la Riederalp\",\"breadcrumb\":{\"@id\":\"https:\\\/\\\/traumferien-riederalp.ch\\\/fr\\\/appartement-de-vacances\\\/#breadcrumb\"},\"inLanguage\":\"fr-FR\",\"potentialAction\":[{\"@type\":\"ReadAction\",\"target\":[\"https:\\\/\\\/traumferien-riederalp.ch\\\/fr\\\/appartement-de-vacances\\\/\"]}]},{\"@type\":\"ImageObject\",\"inLanguage\":\"fr-FR\",\"@id\":\"https:\\\/\\\/traumferien-riederalp.ch\\\/fr\\\/appartement-de-vacances\\\/#primaryimage\",\"url\":\"https:\\\/\\\/i0.wp.com\\\/traumferien-riederalp.ch\\\/wp-content\\\/uploads\\\/2026\\\/01\\\/Haus-Herbst-1.webp?fit=962%2C478&amp;ssl=1\",\"contentUrl\":\"https:\\\/\\\/i0.wp.com\\\/traumferien-riederalp.ch\\\/wp-content\\\/uploads\\\/2026\\\/01\\\/Haus-Herbst-1.webp?fit=962%2C478&amp;ssl=1\"},{\"@type\":\"BreadcrumbList\",\"@id\":\"https:\\\/\\\/traumferien-riederalp.ch\\\/fr\\\/appartement-de-vacances\\\/#breadcrumb\",\"itemListElement\":[{\"@type\":\"ListItem\",\"position\":1,\"name\":\"Start\",\"item\":\"https:\\\/\\\/traumferien-riederalp.ch\\\/fr\\\/page-daccueil\\\/\"},{\"@type\":\"ListItem\",\"position\":2,\"name\":\"Appartement de vacances\"}]},{\"@type\":\"WebSite\",\"@id\":\"https:\\\/\\\/traumferien-riederalp.ch\\\/fr\\\/#website\",\"url\":\"https:\\\/\\\/traumferien-riederalp.ch\\\/fr\\\/\",\"name\":\"Traumferien Riederalp im Chalet Alpsegen\",\"description\":\"\",\"publisher\":{\"@id\":\"https:\\\/\\\/traumferien-riederalp.ch\\\/fr\\\/#organization\"},\"alternateName\":\"Ski-in & Ski-Out im Chalet Alpsegen Riederalp\",\"potentialAction\":[{\"@type\":\"SearchAction\",\"target\":{\"@type\":\"EntryPoint\",\"urlTemplate\":\"https:\\\/\\\/traumferien-riederalp.ch\\\/fr\\\/?s={search_term_string}\"},\"query-input\":{\"@type\":\"PropertyValueSpecification\",\"valueRequired\":true,\"valueName\":\"search_term_string\"}}],\"inLanguage\":\"fr-FR\"},{\"@type\":\"Organization\",\"@id\":\"https:\\\/\\\/traumferien-riederalp.ch\\\/fr\\\/#organization\",\"name\":\"Traumferien Riederalp im Chalet Alpsegen\",\"alternateName\":\"Ski-In & Ski-Out im Chalet Alpsegen Riederalp\",\"url\":\"https:\\\/\\\/traumferien-riederalp.ch\\\/fr\\\/\",\"logo\":{\"@type\":\"ImageObject\",\"inLanguage\":\"fr-FR\",\"@id\":\"https:\\\/\\\/traumferien-riederalp.ch\\\/fr\\\/#\\\/schema\\\/logo\\\/image\\\/\",\"url\":\"https:\\\/\\\/i0.wp.com\\\/traumferien-riederalp.ch\\\/wp-content\\\/uploads\\\/2026\\\/01\\\/cropped-Haus-mit-Dach.webp?fit=512%2C512&ssl=1\",\"contentUrl\":\"https:\\\/\\\/i0.wp.com\\\/traumferien-riederalp.ch\\\/wp-content\\\/uploads\\\/2026\\\/01\\\/cropped-Haus-mit-Dach.webp?fit=512%2C512&ssl=1\",\"width\":512,\"height\":512,\"caption\":\"Traumferien Riederalp im Chalet Alpsegen\"},\"image\":{\"@id\":\"https:\\\/\\\/traumferien-riederalp.ch\\\/fr\\\/#\\\/schema\\\/logo\\\/image\\\/\"},\"sameAs\":[\"https:\\\/\\\/www.facebook.com\\\/share\\\/1AWSG6xt2m\\\/\",\"https:\\\/\\\/www.instagram.com\\\/traumferien_riederalp?igsh=bGl2bG0xdnhzNjY4\"]}]}<\/script>\n<!-- \/ Yoast SEO plugin. -->","yoast_head_json":{"title":"Appartement de vacances - Traumferien Riederalp Alpsegen","description":"Appartement de vacances avec vue imprenable sur le Cervin \u00e0 louer sur la Riederalp","robots":{"index":"index","follow":"follow","max-snippet":"max-snippet:-1","max-image-preview":"max-image-preview:large","max-video-preview":"max-video-preview:-1"},"canonical":"https:\/\/traumferien-riederalp.ch\/fr\/appartement-de-vacances\/","og_locale":"fr_FR","og_type":"article","og_title":"Appartement de vacances - Traumferien Riederalp Alpsegen","og_description":"Appartement de vacances avec vue imprenable sur le Cervin \u00e0 louer sur la Riederalp","og_url":"https:\/\/traumferien-riederalp.ch\/fr\/appartement-de-vacances\/","og_site_name":"Traumferien Riederalp Alpsegen","article_publisher":"https:\/\/www.facebook.com\/share\/1AWSG6xt2m\/","article_modified_time":"2026-02-01T16:02:26+00:00","og_image":[{"width":962,"height":478,"url":"https:\/\/i0.wp.com\/traumferien-riederalp.ch\/wp-content\/uploads\/2026\/01\/Haus-Herbst-1.webp?fit=962%2C478&ssl=1","type":"image\/jpeg"}],"twitter_card":"summary_large_image","twitter_misc":{"Dur\u00e9e de lecture estim\u00e9e":"2 minutes"},"schema":{"@context":"https:\/\/schema.org","@graph":[{"@type":"WebPage","@id":"https:\/\/traumferien-riederalp.ch\/fr\/appartement-de-vacances\/","url":"https:\/\/traumferien-riederalp.ch\/fr\/appartement-de-vacances\/","name":"Appartement de vacances - Traumferien Riederalp Alpsegen","isPartOf":{"@id":"https:\/\/traumferien-riederalp.ch\/fr\/#website"},"primaryImageOfPage":{"@id":"https:\/\/traumferien-riederalp.ch\/fr\/appartement-de-vacances\/#primaryimage"},"image":{"@id":"https:\/\/traumferien-riederalp.ch\/fr\/appartement-de-vacances\/#primaryimage"},"thumbnailUrl":"https:\/\/i0.wp.com\/traumferien-riederalp.ch\/wp-content\/uploads\/2026\/01\/Haus-Herbst-1.webp?fit=962%2C478&amp;ssl=1","datePublished":"2022-02-19T08:47:51+00:00","dateModified":"2026-02-01T16:02:26+00:00","description":"Appartement de vacances avec vue imprenable sur le Cervin \u00e0 louer sur la Riederalp","breadcrumb":{"@id":"https:\/\/traumferien-riederalp.ch\/fr\/appartement-de-vacances\/#breadcrumb"},"inLanguage":"fr-FR","potentialAction":[{"@type":"ReadAction","target":["https:\/\/traumferien-riederalp.ch\/fr\/appartement-de-vacances\/"]}]},{"@type":"ImageObject","inLanguage":"fr-FR","@id":"https:\/\/traumferien-riederalp.ch\/fr\/appartement-de-vacances\/#primaryimage","url":"https:\/\/i0.wp.com\/traumferien-riederalp.ch\/wp-content\/uploads\/2026\/01\/Haus-Herbst-1.webp?fit=962%2C478&amp;ssl=1","contentUrl":"https:\/\/i0.wp.com\/traumferien-riederalp.ch\/wp-content\/uploads\/2026\/01\/Haus-Herbst-1.webp?fit=962%2C478&amp;ssl=1"},{"@type":"BreadcrumbList","@id":"https:\/\/traumferien-riederalp.ch\/fr\/appartement-de-vacances\/#breadcrumb","itemListElement":[{"@type":"ListItem","position":1,"name":"Start","item":"https:\/\/traumferien-riederalp.ch\/fr\/page-daccueil\/"},{"@type":"ListItem","position":2,"name":"Appartement de vacances"}]},{"@type":"WebSite","@id":"https:\/\/traumferien-riederalp.ch\/fr\/#website","url":"https:\/\/traumferien-riederalp.ch\/fr\/","name":"Traumferien Riederalp im Chalet Alpsegen","description":"","publisher":{"@id":"https:\/\/traumferien-riederalp.ch\/fr\/#organization"},"alternateName":"Ski-in & Ski-Out im Chalet Alpsegen Riederalp","potentialAction":[{"@type":"SearchAction","target":{"@type":"EntryPoint","urlTemplate":"https:\/\/traumferien-riederalp.ch\/fr\/?s={search_term_string}"},"query-input":{"@type":"PropertyValueSpecification","valueRequired":true,"valueName":"search_term_string"}}],"inLanguage":"fr-FR"},{"@type":"Organization","@id":"https:\/\/traumferien-riederalp.ch\/fr\/#organization","name":"Traumferien Riederalp im Chalet Alpsegen","alternateName":"Ski-In & Ski-Out im Chalet Alpsegen Riederalp","url":"https:\/\/traumferien-riederalp.ch\/fr\/","logo":{"@type":"ImageObject","inLanguage":"fr-FR","@id":"https:\/\/traumferien-riederalp.ch\/fr\/#\/schema\/logo\/image\/","url":"https:\/\/i0.wp.com\/traumferien-riederalp.ch\/wp-content\/uploads\/2026\/01\/cropped-Haus-mit-Dach.webp?fit=512%2C512&ssl=1","contentUrl":"https:\/\/i0.wp.com\/traumferien-riederalp.ch\/wp-content\/uploads\/2026\/01\/cropped-Haus-mit-Dach.webp?fit=512%2C512&ssl=1","width":512,"height":512,"caption":"Traumferien Riederalp im Chalet Alpsegen"},"image":{"@id":"https:\/\/traumferien-riederalp.ch\/fr\/#\/schema\/logo\/image\/"},"sameAs":["https:\/\/www.facebook.com\/share\/1AWSG6xt2m\/","https:\/\/www.instagram.com\/traumferien_riederalp?igsh=bGl2bG0xdnhzNjY4"]}]}},"jetpack_likes_enabled":true,"jetpack_sharing_enabled":true,"jetpack_shortlink":"https:\/\/wp.me\/PdM3xX-1sS","jetpack-related-posts":[],"_links":{"self":[{"href":"https:\/\/traumferien-riederalp.ch\/fr\/wp-json\/wp\/v2\/pages\/5634","targetHints":{"allow":["GET"]}}],"collection":[{"href":"https:\/\/traumferien-riederalp.ch\/fr\/wp-json\/wp\/v2\/pages"}],"about":[{"href":"https:\/\/traumferien-riederalp.ch\/fr\/wp-json\/wp\/v2\/types\/page"}],"author":[{"embeddable":true,"href":"https:\/\/traumferien-riederalp.ch\/fr\/wp-json\/wp\/v2\/users\/217222867"}],"replies":[{"embeddable":true,"href":"https:\/\/traumferien-riederalp.ch\/fr\/wp-json\/wp\/v2\/comments?post=5634"}],"version-history":[{"count":6,"href":"https:\/\/traumferien-riederalp.ch\/fr\/wp-json\/wp\/v2\/pages\/5634\/revisions"}],"predecessor-version":[{"id":5779,"href":"https:\/\/traumferien-riederalp.ch\/fr\/wp-json\/wp\/v2\/pages\/5634\/revisions\/5779"}],"wp:attachment":[{"href":"https:\/\/traumferien-riederalp.ch\/fr\/wp-json\/wp\/v2\/media?parent=5634"}],"curies":[{"name":"wp","href":"https:\/\/api.w.org\/{rel}","templated":true}]}}